{"id":570,"date":"2019-06-10T16:10:43","date_gmt":"2019-06-10T16:10:43","guid":{"rendered":"http:\/\/www.escuelalasflores.cl\/home\/?page_id=570"},"modified":"2025-04-30T11:25:25","modified_gmt":"2025-04-30T11:25:25","slug":"570-2","status":"publish","type":"page","link":"http:\/\/www.escuelalasflores.cl\/home\/","title":{"rendered":"Home"},"content":{"rendered":"<p>[et_pb_section fb_built=&#8221;1&#8243; fullwidth=&#8221;on&#8221; admin_label=&#8221;Hero&#8221; _builder_version=&#8221;4.16&#8243; background_color=&#8221;rgba(0,0,0,0)&#8221; parallax=&#8221;on&#8221; width=&#8221;100%&#8221; max_width=&#8221;100%&#8221; custom_margin=&#8221;0px||0px&#8221; custom_padding=&#8221;0px||0px&#8221; top_divider_color=&#8221;rgba(255,255,255,0.06)&#8221; top_divider_height=&#8221;30%&#8221; global_colors_info=&#8221;{}&#8221;][et_pb_fullwidth_slider use_bg_overlay=&#8221;off&#8221; use_text_overlay=&#8221;on&#8221; text_border_radius=&#8221;14px&#8221; admin_label=&#8221;Fullwidth Slider&#8221; _builder_version=&#8221;4.18.0&#8243; header_font=&#8221;||||||||&#8221; header_text_color=&#8221;#8100cc&#8221; body_font=&#8221;||||||||&#8221; body_text_color=&#8221;#e02b20&#8243; body_font_size=&#8221;11px&#8221; background_color=&#8221;#0c71c3&#8243; custom_button=&#8221;on&#8221; button_text_size=&#8221;17px&#8221; button_text_color=&#8221;#ffffff&#8221; min_height=&#8221;354px&#8221; custom_margin=&#8221;||&#8221; custom_padding=&#8221;||0px|||&#8221; auto=&#8221;on&#8221; auto_speed=&#8221;6000&#8243; auto_ignore_hover=&#8221;on&#8221; link_option_url=&#8221;http:\/\/www.escuelalasflores.cl\/home\/?page_id=25&#8243; header_font_size_tablet=&#8221;&#8221; header_font_size_phone=&#8221;45px&#8221; header_font_size_last_edited=&#8221;on|phone&#8221; global_colors_info=&#8221;{}&#8221;][et_pb_slide heading=&#8221;\u00a1INSCRIPCIONES ABIERTAS!&#8221; button_text=&#8221;Contacto&#8221; use_bg_overlay=&#8221;off&#8221; use_text_overlay=&#8221;on&#8221; text_overlay_color=&#8221;rgba(255,255,255,0.79)&#8221; text_border_radius=&#8221;14px&#8221; _builder_version=&#8221;4.16&#8243; header_level=&#8221;h2&#8243; header_font=&#8221;|700|||||||&#8221; header_text_color=&#8221;#2b76df&#8221; header_font_size=&#8221;51px&#8221; body_font=&#8221;|700|||||||&#8221; body_text_color=&#8221;#74bc19&#8243; body_font_size=&#8221;60px&#8221; body_line_height=&#8221;1.8em&#8221; background_image=&#8221;http:\/\/www.escuelalasflores.cl\/home\/wp-content\/uploads\/2019\/07\/ABC.jpg&#8221; background_position=&#8221;bottom_center&#8221; custom_button=&#8221;on&#8221; button_text_size=&#8221;15px&#8221; button_bg_color=&#8221;#2b76df&#8221; button_border_width=&#8221;0px&#8221; button_border_color=&#8221;rgba(0,0,0,0)&#8221; button_border_radius=&#8221;25px&#8221; button_font=&#8221;|700|||||||&#8221; button_use_icon=&#8221;off&#8221; text_orientation=&#8221;center&#8221; custom_padding=&#8221;8px||0px&#8221; custom_padding_tablet=&#8221;&#8221; custom_padding_phone=&#8221;9px|||&#8221; custom_padding_last_edited=&#8221;on|phone&#8221; header_font_size_tablet=&#8221;33px&#8221; header_font_size_phone=&#8221;25px&#8221; header_font_size_last_edited=&#8221;on|phone&#8221; header_line_height_tablet=&#8221;&#8221; header_line_height_phone=&#8221;1.7em&#8221; header_line_height_last_edited=&#8221;on|desktop&#8221; body_font_size_tablet=&#8221;35px&#8221; body_font_size_phone=&#8221;25px&#8221; body_font_size_last_edited=&#8221;on|phone&#8221; body_letter_spacing_tablet=&#8221;&#8221; body_letter_spacing_phone=&#8221;&#8221; body_letter_spacing_last_edited=&#8221;on|desktop&#8221; background_layout_tablet=&#8221;&#8221; background_layout_phone=&#8221;&#8221; background_layout_last_edited=&#8221;on|phone&#8221; global_colors_info=&#8221;{}&#8221; sticky_transition=&#8221;on&#8221;]<\/p>\n<p><span style=\"color: #ff0000;\">\u00a0A\u00f1o<\/span> 2026<\/p>\n<p>[\/et_pb_slide][et_pb_slide heading=&#8221;Matr\u00edcula y Mensualidad&#8221; button_text=&#8221;Contacto&#8221; use_bg_overlay=&#8221;off&#8221; use_text_overlay=&#8221;on&#8221; text_overlay_color=&#8221;rgba(255,255,255,0.79)&#8221; text_border_radius=&#8221;14px&#8221; _builder_version=&#8221;4.16&#8243; header_level=&#8221;h2&#8243; header_font=&#8221;|700|||||||&#8221; header_text_color=&#8221;#89589e&#8221; header_font_size=&#8221;51px&#8221; body_font=&#8221;|700|||||||&#8221; body_text_color=&#8221;#e02b20&#8243; body_font_size=&#8221;51px&#8221; body_line_height=&#8221;2.1em&#8221; background_image=&#8221;http:\/\/www.escuelalasflores.cl\/home\/wp-content\/uploads\/2019\/07\/ABC.jpg&#8221; background_position=&#8221;bottom_center&#8221; custom_button=&#8221;on&#8221; button_text_size=&#8221;15px&#8221; button_bg_color=&#8221;#2b76df&#8221; button_border_width=&#8221;0px&#8221; button_border_color=&#8221;rgba(0,0,0,0)&#8221; button_border_radius=&#8221;25px&#8221; button_font=&#8221;|700|||||||&#8221; button_use_icon=&#8221;off&#8221; text_orientation=&#8221;center&#8221; custom_padding=&#8221;8px||0px&#8221; custom_padding_tablet=&#8221;&#8221; custom_padding_phone=&#8221;9px|||&#8221; custom_padding_last_edited=&#8221;on|desktop&#8221; header_font_size_tablet=&#8221;33px&#8221; header_font_size_phone=&#8221;25px&#8221; header_font_size_last_edited=&#8221;on|phone&#8221; header_line_height_tablet=&#8221;&#8221; header_line_height_phone=&#8221;1.7em&#8221; header_line_height_last_edited=&#8221;on|desktop&#8221; body_font_size_tablet=&#8221;35px&#8221; body_font_size_phone=&#8221;25px&#8221; body_font_size_last_edited=&#8221;on|phone&#8221; body_letter_spacing_tablet=&#8221;&#8221; body_letter_spacing_phone=&#8221;&#8221; body_letter_spacing_last_edited=&#8221;on|desktop&#8221; background_layout_tablet=&#8221;&#8221; background_layout_phone=&#8221;&#8221; background_layout_last_edited=&#8221;on|phone&#8221; global_colors_info=&#8221;{}&#8221; sticky_transition=&#8221;on&#8221;]<\/p>\n<p>TOTALMENTE GRATIS<\/p>\n<p>[\/et_pb_slide][\/et_pb_fullwidth_slider][\/et_pb_section][et_pb_section fb_built=&#8221;1&#8243; _builder_version=&#8221;4.16&#8243; background_image=&#8221;http:\/\/www.escuelalasflores.cl\/home\/wp-content\/uploads\/2019\/06\/shapes-bg-1.png&#8221; background_size=&#8221;contain&#8221; background_repeat=&#8221;repeat&#8221; min_height=&#8221;736px&#8221; custom_margin=&#8221;||32px|||&#8221; custom_margin_tablet=&#8221;&#8221; custom_margin_phone=&#8221;-30px||0px&#8221; custom_margin_last_edited=&#8221;on|desktop&#8221; custom_padding=&#8221;0px||0px|||&#8221; global_colors_info=&#8221;{}&#8221;][et_pb_row _builder_version=&#8221;4.16&#8243; height=&#8221;142px&#8221; custom_margin=&#8221;-1px|auto||auto||&#8221; custom_padding=&#8221;40px|||||&#8221; global_colors_info=&#8221;{}&#8221;][et_pb_column type=&#8221;4_4&#8243; _builder_version=&#8221;4.16&#8243; custom_padding=&#8221;|||&#8221; global_colors_info=&#8221;{}&#8221; custom_padding__hover=&#8221;|||&#8221;][et_pb_cta title=&#8221;QUI\u00c9NES SOMOS&#8221; _builder_version=&#8221;4.16&#8243; header_font=&#8221;Cabin Sketch|700|||||||&#8221; header_text_color=&#8221;#e01f45&#8243; header_font_size=&#8221;68px&#8221; body_font=&#8221;||||||||&#8221; body_line_height=&#8221;1.5em&#8221; background_color=&#8221;rgba(0,0,0,0)&#8221; custom_margin=&#8221;0px||0px|||&#8221; custom_margin_tablet=&#8221;&#8221; custom_margin_phone=&#8221;5px|||0px&#8221; custom_margin_last_edited=&#8221;on|desktop&#8221; custom_padding=&#8221;||17px|||&#8221; custom_padding_tablet=&#8221;&#8221; custom_padding_phone=&#8221;&#8221; custom_padding_last_edited=&#8221;on|desktop&#8221; header_font_tablet=&#8221;&#8221; header_font_phone=&#8221;&#8221; header_font_last_edited=&#8221;on|phone&#8221; header_font_size_tablet=&#8221;&#8221; header_font_size_phone=&#8221;37px&#8221; header_font_size_last_edited=&#8221;on|phone&#8221; body_font_size_tablet=&#8221;&#8221; body_font_size_phone=&#8221;12px&#8221; body_font_size_last_edited=&#8221;on|phone&#8221; global_colors_info=&#8221;{}&#8221;][\/et_pb_cta][\/et_pb_column][\/et_pb_row][et_pb_row _builder_version=&#8221;4.16&#8243; width=&#8221;72%&#8221; custom_margin=&#8221;|auto|2px|auto||&#8221; custom_padding=&#8221;||0px|||&#8221; global_colors_info=&#8221;{}&#8221;][et_pb_column type=&#8221;4_4&#8243; _builder_version=&#8221;4.16&#8243; custom_padding=&#8221;20px|||&#8221; custom_padding_tablet=&#8221;&#8221; custom_padding_phone=&#8221;0px||&#8221; custom_padding_last_edited=&#8221;on|phone&#8221; global_colors_info=&#8221;{}&#8221; custom_padding__hover=&#8221;|||&#8221;][et_pb_text _builder_version=&#8221;4.16&#8243; text_font=&#8221;||||||||&#8221; text_font_size=&#8221;16px&#8221; text_letter_spacing=&#8221;1px&#8221; width=&#8221;90%&#8221; min_height=&#8221;314px&#8221; custom_margin=&#8221;0px||0px|47px|true&#8221; custom_margin_tablet=&#8221;&#8221; custom_margin_phone=&#8221;|||0px&#8221; custom_margin_last_edited=&#8221;on|phone&#8221; custom_padding_tablet=&#8221;&#8221; custom_padding_phone=&#8221;0px||52px&#8221; custom_padding_last_edited=&#8221;on|phone&#8221; text_font_size_tablet=&#8221;&#8221; text_font_size_phone=&#8221;14px&#8221; text_font_size_last_edited=&#8221;on|phone&#8221; global_colors_info=&#8221;{}&#8221;]<span class=\"dashicons dashicons-yes\"><\/span>Somos un establecimiento particular subvencionado totalmente <span style=\"color: #ff0000;\"><strong>GRATUITO<\/strong><\/span> reconocido oficialmente por el Ministerio de Educaci\u00f3n el a\u00f1o 2014 (Resoluci\u00f3n Exenta N\u00b0 1245).<\/p>\n<p><span class=\"dashicons dashicons-yes\"><\/span>Atendemos a ni\u00f1os y ni\u00f1as entre 3 y 5 a\u00f1os 11 meses que presentan un <span>\u00a0<\/span><span style=\"color: #2b76df;\"><strong>TRASTORNO ESPEC\u00cdFICO DEL LENGUAJE (TEL).<\/strong><\/span><span>\u00a0<\/span><\/p>\n<p><span class=\"dashicons dashicons-yes\"><\/span>Contamos con profesionales de primer nivel, <span style=\"color: #2b76df;\"><strong>acreditados<\/strong><\/span> por el Ministerio de Educaci\u00f3n y con amplia experiencia en Escuelas Especiales de Lenguaje.<\/p>\n<p><span class=\"dashicons dashicons-yes\"><\/span><span style=\"color: #2b76df;\"><strong>Educaci\u00f3n personalizada<\/strong><\/span>, grupos de s\u00f3lo 15 alumnos por curso.<\/p>\n<p><span class=\"dashicons dashicons-yes\"><\/span><strong><span style=\"color: #2b76df;\">Tratamiento fonoaudiol\u00f3gico <\/span> <\/strong>semanal.<\/p>\n<p><span class=\"dashicons dashicons-yes\"><\/span>Media Jornada<em><strong><span style=\"color: #2b76df;\"> (Ma\u00f1ana o Tarde)<\/span><\/strong><\/em><\/p>\n<p><span class=\"dashicons dashicons-yes\"><\/span><strong><span style=\"color: #2b76df;\">Amplias <\/span><\/strong>Salas y Patio.<\/span>[\/et_pb_text][\/et_pb_column][\/et_pb_row][\/et_pb_section][et_pb_section fb_built=&#8221;1&#8243; _builder_version=&#8221;4.16&#8243; background_color=&#8221;#88c4dd&#8221; min_height=&#8221;270px&#8221; custom_margin=&#8221;-100px|||||&#8221; custom_margin_tablet=&#8221;&#8221; custom_margin_phone=&#8221;-30px||&#8221; custom_margin_last_edited=&#8221;on|desktop&#8221; custom_padding=&#8221;63px||43px|||&#8221; global_colors_info=&#8221;{}&#8221;][et_pb_row column_structure=&#8221;1_3,1_3,1_3&#8243; _builder_version=&#8221;4.16&#8243; width=&#8221;83.7%&#8221; min_height=&#8221;178px&#8221; custom_margin=&#8221;|auto|-2px|auto||&#8221; custom_padding=&#8221;9px||&#8221; global_colors_info=&#8221;{}&#8221;][et_pb_column type=&#8221;1_3&#8243; _builder_version=&#8221;4.16&#8243; custom_padding=&#8221;|||&#8221; global_colors_info=&#8221;{}&#8221; custom_padding__hover=&#8221;|||&#8221;][et_pb_text _builder_version=&#8221;4.16&#8243; text_font=&#8221;Rubik|700|||||||&#8221; text_text_color=&#8221;#ffffff&#8221; text_font_size=&#8221;27px&#8221; text_line_height=&#8221;2.2em&#8221; header_font=&#8221;||||||||&#8221; header_2_font=&#8221;Rubik||||||||&#8221; header_2_font_size=&#8221;20px&#8221; header_2_line_height=&#8221;1.5em&#8221; header_3_font=&#8221;||||||||&#8221; background_color=&#8221;#74bc19&#8243; text_orientation=&#8221;center&#8221; background_layout=&#8221;dark&#8221; height=&#8221;155px&#8221; custom_margin=&#8221;0px||&#8221; link_option_url=&#8221;http:\/\/www.escuelalasflores.cl\/home\/wp-content\/uploads\/2022\/04\/Proyecto-Educativo-Institucional.pdf&#8221; link_option_url_new_window=&#8221;on&#8221; border_radii=&#8221;on|15px|15px|15px|15px&#8221; text_text_align=&#8221;center&#8221; global_colors_info=&#8221;{}&#8221;]<\/p>\n<h2 style=\"text-align: center;\"><strong><span style=\"color: #ffffff;\"><\/span><\/strong><\/h2>\n<h2 style=\"text-align: center;\"><strong><span style=\"color: #ffffff;\"><\/span><\/strong><\/h2>\n<h2 style=\"text-align: center;\"><strong><span style=\"color: #ffffff;\"><\/span><\/strong><\/h2>\n<h2 style=\"text-align: center;\"><strong><span style=\"color: #ffffff;\"><\/span><\/strong><\/h2>\n<h2 style=\"text-align: center;\"><strong><span style=\"color: #ffffff;\"><\/span><\/strong><\/h2>\n<h2 style=\"text-align: center;\"><strong><span style=\"color: #ffffff;\">PROYECTO EDUCATIVO INSTITUCIONAL<\/span><\/strong><\/h2>\n<p>[\/et_pb_text][\/et_pb_column][et_pb_column type=&#8221;1_3&#8243; _builder_version=&#8221;4.16&#8243; custom_padding=&#8221;|||&#8221; global_colors_info=&#8221;{}&#8221; custom_padding__hover=&#8221;|||&#8221;][et_pb_text _builder_version=&#8221;4.16&#8243; text_font=&#8221;Rubik|700|||||||&#8221; header_font=&#8221;Rubik||||||||&#8221; header_2_font=&#8221;Rubik|700|||||||&#8221; header_2_font_size=&#8221;20px&#8221; header_2_line_height=&#8221;1.5em&#8221; background_color=&#8221;#e01f45&#8243; text_orientation=&#8221;center&#8221; height=&#8221;155px&#8221; link_option_url=&#8221;http:\/\/www.escuelalasflores.cl\/home\/wp-content\/uploads\/2022\/04\/Manual-de-Convivencia-Escolar.pdf&#8221; link_option_url_new_window=&#8221;on&#8221; border_radii=&#8221;on|15px|15px|15px|15px&#8221; text_text_align=&#8221;center&#8221; global_colors_info=&#8221;{}&#8221;]<\/p>\n<h2><span style=\"color: #ffffff;\"><\/span><\/h2>\n<h2><span style=\"color: #ffffff;\"><\/span><\/h2>\n<h2><span style=\"color: #ffffff;\"><\/span><\/h2>\n<h2><span style=\"color: #ffffff;\"><\/span><\/h2>\n<h2><span style=\"color: #ffffff;\"><\/span><\/h2>\n<h2><span style=\"color: #ffffff;\">MANUAL DE CONVIVENCIA ESCOLAR<\/span><\/h2>\n<p>[\/et_pb_text][\/et_pb_column][et_pb_column type=&#8221;1_3&#8243; _builder_version=&#8221;4.16&#8243; custom_padding=&#8221;|||&#8221; global_colors_info=&#8221;{}&#8221; custom_padding__hover=&#8221;|||&#8221;][et_pb_text _builder_version=&#8221;4.16&#8243; text_font=&#8221;Rubik|700|||||||&#8221; header_font=&#8221;||||||||&#8221; header_2_font=&#8221;Rubik|700|||||||&#8221; header_2_font_size=&#8221;20px&#8221; header_2_line_height=&#8221;1.5em&#8221; background_color=&#8221;#89589e&#8221; text_orientation=&#8221;center&#8221; height=&#8221;155px&#8221; link_option_url=&#8221;http:\/\/www.escuelalasflores.cl\/home\/wp-content\/uploads\/2022\/04\/Reglamento-Evaluacion-y-promocion.pdf&#8221; link_option_url_new_window=&#8221;on&#8221; border_radii=&#8221;on|15px|15px|15px|15px&#8221; global_colors_info=&#8221;{}&#8221;]<\/p>\n<h2><span style=\"color: #ffffff;\"><\/span><\/h2>\n<h2><span style=\"color: #ffffff;\"><\/span><\/h2>\n<h2><span style=\"color: #ffffff;\"><\/span><\/h2>\n<h2><span style=\"color: #ffffff;\"><\/span><\/h2>\n<h2><span style=\"color: #ffffff;\"><\/span><\/h2>\n<h2><span style=\"color: #ffffff;\">REGLAMENTO EVALUACI\u00d3N PROMOCI\u00d3N<\/span><\/h2>\n<p>[\/et_pb_text][\/et_pb_column][\/et_pb_row][\/et_pb_section]<\/p>\n","protected":false},"excerpt":{"rendered":"<p>\u00a0A\u00f1o 2026TOTALMENTE GRATISSomos un establecimiento particular subvencionado totalmente GRATUITO reconocido oficialmente por el Ministerio de Educaci\u00f3n el a\u00f1o 2014 (Resoluci\u00f3n Exenta N\u00b0 1245). Atendemos a ni\u00f1os y ni\u00f1as entre 3 y 5 a\u00f1os 11 meses que presentan un \u00a0TRASTORNO ESPEC\u00cdFICO DEL LENGUAJE (TEL).\u00a0 Contamos con profesionales de primer nivel, acreditados por el Ministerio de Educaci\u00f3n [&hellip;]<\/p>\n","protected":false},"author":1,"featured_media":0,"parent":0,"menu_order":0,"comment_status":"closed","ping_status":"closed","template":"","meta":{"_et_pb_use_builder":"on","_et_pb_old_content":"","_et_gb_content_width":"","_joinchat":[],"footnotes":""},"class_list":["post-570","page","type-page","status-publish","hentry"],"_links":{"self":[{"href":"http:\/\/www.escuelalasflores.cl\/home\/index.php?rest_route=\/wp\/v2\/pages\/570","targetHints":{"allow":["GET"]}}],"collection":[{"href":"http:\/\/www.escuelalasflores.cl\/home\/index.php?rest_route=\/wp\/v2\/pages"}],"about":[{"href":"http:\/\/www.escuelalasflores.cl\/home\/index.php?rest_route=\/wp\/v2\/types\/page"}],"author":[{"embeddable":true,"href":"http:\/\/www.escuelalasflores.cl\/home\/index.php?rest_route=\/wp\/v2\/users\/1"}],"replies":[{"embeddable":true,"href":"http:\/\/www.escuelalasflores.cl\/home\/index.php?rest_route=%2Fwp%2Fv2%2Fcomments&post=570"}],"version-history":[{"count":151,"href":"http:\/\/www.escuelalasflores.cl\/home\/index.php?rest_route=\/wp\/v2\/pages\/570\/revisions"}],"predecessor-version":[{"id":2123,"href":"http:\/\/www.escuelalasflores.cl\/home\/index.php?rest_route=\/wp\/v2\/pages\/570\/revisions\/2123"}],"wp:attachment":[{"href":"http:\/\/www.escuelalasflores.cl\/home\/index.php?rest_route=%2Fwp%2Fv2%2Fmedia&parent=570"}],"curies":[{"name":"wp","href":"https:\/\/api.w.org\/{rel}","templated":true}]}}