{"id":694,"date":"2019-06-10T19:39:12","date_gmt":"2019-06-10T19:39:12","guid":{"rendered":"http:\/\/www.escuelalasflores.cl\/home\/?page_id=694"},"modified":"2019-07-11T19:10:08","modified_gmt":"2019-07-11T19:10:08","slug":"que-hacemos","status":"publish","type":"page","link":"http:\/\/www.escuelalasflores.cl\/home\/?page_id=694","title":{"rendered":"Qu\u00e9 Hacemos"},"content":{"rendered":"<p>[et_pb_section fb_built=&#8221;1&#8243; fullwidth=&#8221;on&#8221; _builder_version=&#8221;3.25.1&#8243; background_color=&#8221;#e09900&#8243;][et_pb_fullwidth_header title=&#8221;Ofrecemos apoyo en todas las \u00e1reas del aprendizaje&#8221; subhead=&#8221;A NI\u00d1OS y NI\u00d1AS QUE PRESENTAN UN TRASTORNO ESPEC\u00cdFICO DEL LENGUAJE (TEL)&#8221; _builder_version=&#8221;3.25.4&#8243; title_font=&#8221;Rubik|700||on|||||&#8221; title_text_color=&#8221;#edf000&#8243; title_font_size=&#8221;25px&#8221; title_letter_spacing=&#8221;1px&#8221; content_font=&#8221;Rubik||||||||&#8221; content_font_size=&#8221;1px&#8221; subhead_font=&#8221;Rubik|700|||||||&#8221; subhead_font_size=&#8221;16px&#8221; subhead_letter_spacing=&#8221;1px&#8221; subhead_line_height=&#8221;1.5em&#8221; background_color=&#8221;#89589e&#8221;][\/et_pb_fullwidth_header][\/et_pb_section][et_pb_section fb_built=&#8221;1&#8243; admin_label=&#8221;Our Mission&#8221; _builder_version=&#8221;3.24&#8243; use_background_color_gradient=&#8221;on&#8221; background_color_gradient_start=&#8221;rgba(233,239,243,0)&#8221; background_color_gradient_end=&#8221;#e9eff3&#8243; background_image=&#8221;http:\/\/www.escuelalasflores.cl\/home\/wp-content\/uploads\/2019\/06\/shapes-bg-1.png&#8221; custom_padding=&#8221;83px|0px|62px|0px|false|false&#8221;][et_pb_row custom_padding=&#8221;||0px|||&#8221; custom_margin=&#8221;|||44px&#8221; admin_label=&#8221;Mission Row&#8221; _builder_version=&#8221;3.25.4&#8243; hover_enabled=&#8221;0&#8243; locked=&#8221;off&#8221; custom_padding_last_edited=&#8221;on|phone&#8221; custom_padding_phone=&#8221;51px||25px&#8221;][et_pb_column type=&#8221;4_4&#8243; _builder_version=&#8221;3.25&#8243; custom_padding=&#8221;|||&#8221; custom_padding__hover=&#8221;|||&#8221;][et_pb_text _builder_version=&#8221;3.25.4&#8243; text_font=&#8221;Rubik|300|||||||&#8221; text_font_size=&#8221;16px&#8221; text_line_height=&#8221;2.2em&#8221; header_font=&#8221;||||||||&#8221; header_text_color=&#8221;#2b76df&#8221; header_2_font=&#8221;Cabin Sketch|700|||||||&#8221; header_2_text_color=&#8221;#2c96cf&#8221; header_2_font_size=&#8221;38px&#8221; header_2_line_height=&#8221;1.3em&#8221; header_3_font=&#8221;||||||||&#8221; header_3_text_color=&#8221;#8300e9&#8243; header_3_line_height=&#8221;2em&#8221; header_4_font=&#8221;||||||||&#8221; header_5_font=&#8221;Rubik|700||on|||||&#8221; header_5_text_color=&#8221;#2b76df&#8221; header_5_letter_spacing=&#8221;5px&#8221; header_5_line_height=&#8221;1.5em&#8221; text_orientation=&#8221;center&#8221; max_width=&#8221;850px&#8221; module_alignment=&#8221;center&#8221; custom_margin=&#8221;-25px|95px|6px|||&#8221; custom_margin_tablet=&#8221;-71px||0px|&#8221; custom_margin_phone=&#8221;-87px||&#8221; custom_margin_last_edited=&#8221;on|phone&#8221; custom_padding=&#8221;0px||0px|0px||&#8221; text_line_height_last_edited=&#8221;off|desktop&#8221; header_2_font_size_phone=&#8221;30px&#8221; header_2_font_size_last_edited=&#8221;on|phone&#8221;]<\/p>\n<h2 style=\"text-align: left;\">\u00bfC\u00f3mo puedo saber si mi Hijo(a) tiene un TEL?<\/h2>\n<ul>\n<li style=\"text-align: left;\">No habla.<\/li>\n<li style=\"text-align: left;\">Se comunica con gestos.<\/li>\n<li style=\"text-align: left;\">Habla menos que otros ni\u00f1os de su edad.<\/li>\n<li style=\"text-align: left;\">No se entiende lo que habla (s\u00f3lo su n\u00facleo familiar cercano le entiende).<\/li>\n<li style=\"text-align: left;\">Deforma y acorta las palabras.<\/li>\n<li style=\"text-align: left;\">Tiene dificultad para memorizar palabras.<\/li>\n<li style=\"text-align: left;\">Posee escaso vocabulario, se expresa con palabras sueltas.<\/li>\n<\/ul>\n<p>&nbsp;<\/p>\n<p style=\"text-align: left;\">[\/et_pb_text][\/et_pb_column][\/et_pb_row][et_pb_row column_structure=&#8221;1_2,1_2&#8243; _builder_version=&#8221;3.25.4&#8243; hover_enabled=&#8221;0&#8243; custom_padding_last_edited=&#8221;on|phone&#8221; custom_margin=&#8221;0px||7px&#8221; custom_padding_phone=&#8221;||0px&#8221;][et_pb_column type=&#8221;1_2&#8243; _builder_version=&#8221;3.25.1&#8243;][et_pb_text _builder_version=&#8221;3.25.4&#8243; text_font=&#8221;||||||||&#8221; header_font=&#8221;||||||||&#8221; header_2_font=&#8221;Cabin Sketch|700||on|||||&#8221; header_2_text_color=&#8221;#67af44&#8243; custom_margin_tablet=&#8221;-53px|||-29px&#8221; custom_margin_phone=&#8221;|||-8px&#8221; custom_margin_last_edited=&#8221;on|phone&#8221;]<\/p>\n<h2>\u00bfQU\u00c9 ES EL TRASTORNO ESPEC\u00cdFICO DE LENGUAJE (TEL)<\/h2>\n<p>El Trastorno Espec\u00edfico del Lenguaje es una limitaci\u00f3n significativa en el nivel de desarrollo del lenguaje oral, que se manifiesta por un inicio tard\u00edo y un desarrollo lento y\/o desviado del lenguaje&#8230;\u00a0 (<em>seguir leyendo<\/em>)<\/p>\n<p>[\/et_pb_text][et_pb_toggle open_toggle_background_color=&#8221;rgba(0,0,0,0)&#8221; closed_toggle_background_color=&#8221;rgba(0,0,0,0)&#8221; use_icon_font_size=&#8221;on&#8221; icon_font_size=&#8221;19px&#8221; _builder_version=&#8221;3.25.1&#8243; title_font=&#8221;||||||||&#8221; border_color_all=&#8221;rgba(0,0,0,0)&#8221; width=&#8221;102%&#8221; module_alignment=&#8221;center&#8221; custom_margin=&#8221;-29px|||&#8221; custom_padding=&#8221;0px||0px|0px&#8221;]<\/p>\n<p>Esta dificultad, no se explica por un d\u00e9ficit sensorial, auditivo o motor, por discapacidad intelectual, por trastornos psicopatol\u00f3gicos como trastornos masivos del desarrollo, por deprivaci\u00f3n socio-afectiva, ni por lesiones o disfunciones cerebrales evidentes, como tampoco, por caracter\u00edsticas ling\u00fc\u00edsticas propias de un determinado entorno social, cultural, econ\u00f3mico, geogr\u00e1fico y\/o \u00e9tnico. Tampoco deben considerarse como indicador de Trastorno Espec\u00edfico del Lenguaje, las dislalias ni el Trastorno Fonol\u00f3gico.<\/p>\n<p>El TEL pueden ser del tipo Expresivo y Mixto por lo que los trastornos pueden ir desde dificultades en la producci\u00f3n del lenguaje, hasta en su comprensi\u00f3n.<\/p>\n<p>[\/et_pb_toggle][\/et_pb_column][et_pb_column type=&#8221;1_2&#8243; _builder_version=&#8221;3.25.1&#8243;][et_pb_text _builder_version=&#8221;3.25.4&#8243; header_font=&#8221;||||||||&#8221; header_2_font=&#8221;Cabin Sketch|700||on|||||&#8221; header_2_text_color=&#8221;#e02b20&#8243; custom_margin_tablet=&#8221;||-14px|-28px&#8221; custom_margin_phone=&#8221;|||-6px&#8221; custom_margin_last_edited=&#8221;on|phone&#8221;]<\/p>\n<h2>\u00bfCU\u00c1L ES EL TRATAMIENTO?<\/h2>\n<p class=\"p1\"><span class=\"s1\">El TEL, al ser un trastorno transitorio se puede superar con el apoyo adecuado que brinda una Escuela de Lenguaje, a trav\u00e9s de la atenci\u00f3n y seguimiento fonoaudiol\u00f3gico, as\u00ed como tambi\u00e9n de las Educadoras Diferenciales especialistas en Lenguaje&#8230;<\/span>\u00a0 (<em>seguir leyendo<\/em>)<\/p>\n<p>[\/et_pb_text][et_pb_toggle open_toggle_background_color=&#8221;rgba(0,0,0,0)&#8221; closed_toggle_background_color=&#8221;rgba(0,0,0,0)&#8221; use_icon_font_size=&#8221;on&#8221; icon_font_size=&#8221;19px&#8221; _builder_version=&#8221;3.25.4&#8243; title_font=&#8221;||||||||&#8221; border_color_all=&#8221;rgba(0,0,0,0)&#8221; width=&#8221;102%&#8221; module_alignment=&#8221;center&#8221; custom_margin=&#8221;-29px|||&#8221; custom_margin_tablet=&#8221;10px||&#8221; custom_margin_phone=&#8221;4px||&#8221; custom_margin_last_edited=&#8221;on|phone&#8221; custom_padding=&#8221;0px||0px|0px&#8221;]<\/p>\n<p class=\"p1\"><span class=\"s1\">Es muy importante intervenir oportunamente, para as\u00ed evitar futuras dificultades en la adquisici\u00f3n del proceso de lectoescritura en los primeros a\u00f1os de escolaridad, problemas de autoestima y dificultades para relacionarse con sus pares.<\/span><\/p>\n<p>[\/et_pb_toggle][\/et_pb_column][\/et_pb_row][\/et_pb_section][et_pb_section fb_built=&#8221;1&#8243; admin_label=&#8221;Events&#8221; _builder_version=&#8221;3.25.4&#8243; background_color=&#8221;#88c4dd&#8221; parallax=&#8221;on&#8221; custom_padding=&#8221;37px|||&#8221; hover_enabled=&#8221;0&#8243; custom_margin_last_edited=&#8221;on|phone&#8221; custom_margin_phone=&#8221;-10px|||&#8221; height_last_edited=&#8221;on|phone&#8221; height_phone=&#8221;auto&#8221; custom_padding_last_edited=&#8221;on|phone&#8221; custom_padding_phone=&#8221;||36px&#8221;][et_pb_row use_custom_gutter=&#8221;on&#8221; custom_padding=&#8221;|0px||&#8221; custom_padding_phone=&#8221;34px|||&#8221; custom_margin=&#8221;|140px|0px|auto||&#8221; custom_padding_last_edited=&#8221;on|phone&#8221; admin_label=&#8221;Title Row&#8221; _builder_version=&#8221;3.25.4&#8243; background_color=&#8221;rgba(255,255,255,0.7)&#8221; border_radii=&#8221;on|15px|15px|15px|15px&#8221; width=&#8221;75%&#8221; module_alignment=&#8221;center&#8221; custom_margin_phone=&#8221;2px||0px|&#8221; custom_margin_last_edited=&#8221;on|tablet&#8221; hover_enabled=&#8221;0&#8243; module_alignment_phone=&#8221;center&#8221; module_alignment_last_edited=&#8221;on|phone&#8221; locked=&#8221;off&#8221;][et_pb_column type=&#8221;4_4&#8243; _builder_version=&#8221;3.25.4&#8243; custom_padding=&#8221;|||&#8221; custom_padding_last_edited=&#8221;on|tablet&#8221; custom_padding__hover=&#8221;|||&#8221;][et_pb_text _builder_version=&#8221;3.25.4&#8243; text_font=&#8221;||||||||&#8221; text_text_align=&#8221;left&#8221; text_text_color=&#8221;#6b6b6b&#8221; text_line_height=&#8221;2em&#8221; ul_font=&#8221;||||||||&#8221; ul_font_size=&#8221;15px&#8221; ul_line_height=&#8221;2.1em&#8221; header_font=&#8221;||||||||&#8221; header_4_font=&#8221;Cabin Sketch||||||||&#8221; custom_margin=&#8221;1px|26px||23px||&#8221; custom_margin_tablet=&#8221;|||34px&#8221; custom_margin_last_edited=&#8221;on|phone&#8221; custom_padding=&#8221;0px||&#8221; custom_margin_phone=&#8221;-2px||24px&#8221;]<\/p>\n<h2><strong><span style=\"color: #2c96cf;\">M<\/span><span style=\"color: #e76ca2;\">I<\/span><span style=\"color: #7ab842;\">S<\/span><span style=\"color: #e32d30;\">I<\/span><span style=\"color: #2c96cf;\">\u00d3<\/span><span style=\"color: #e76ca2;\">N<\/span><\/strong><\/h2>\n<p>Ofrecer un servicio en el cual los Padres de Familia encuentren en la Escuela de Lenguaje Las Flores, un acondicionamiento propicio para la formaci\u00f3n de sus Hijos y el logro de la autonom\u00eda en el ni\u00f1o con Necesidades Especiales en el \u00e1rea del Lenguaje, adem\u00e1s de una colaboraci\u00f3n eficiente y confiable para lograr un engranaje adecuado en sus actividades sociales y familiares, brindando una educaci\u00f3n integral tanto moral como acad\u00e9mica, por medio de una formaci\u00f3n basada en la inteligencia emocional, generando en las personas del ma\u00f1ana suficiente motivaci\u00f3n, persistencia en los proyectos, resistencia a las frustraciones y control de impulsos, durante su trayectoria acad\u00e9mica.<strong><br \/> <\/strong><\/p>\n<h2><strong><span style=\"color: #2c96cf;\">V<\/span><span style=\"color: #e76ca2;\">I<\/span><span style=\"color: #7ab842;\">S<\/span><span style=\"color: #e32d30;\">I<\/span><span style=\"color: #2c96cf;\">\u00d3<\/span><span style=\"color: #e76ca2;\">N<\/span><\/strong><\/h2>\n<p class=\"p1\"><span class=\"s1\">Formar ni\u00f1os y ciudadanos con responsabilidad social, valores y moral que les permitan afrontar con mayor fortaleza y capacidad los retos de nuestra sociedad, dentro de su etapa preescolar. Desarrollando sus caracter\u00edsticas como seres \u00fanicos e irrepetibles, brindando una educaci\u00f3n especial de calidad a ni\u00f1os y ni\u00f1as.<\/span><\/p>\n<p>[\/et_pb_text][\/et_pb_column][\/et_pb_row][\/et_pb_section]<\/p>\n","protected":false},"excerpt":{"rendered":"<p>\u00bfC\u00f3mo puedo saber si mi Hijo(a) tiene un TEL? No habla. Se comunica con gestos. Habla menos que otros ni\u00f1os de su edad. No se entiende lo que habla (s\u00f3lo su n\u00facleo familiar cercano le entiende). Deforma y acorta las palabras. Tiene dificultad para memorizar palabras. Posee escaso vocabulario, se expresa con palabras sueltas. &nbsp; [&hellip;]<\/p>\n","protected":false},"author":1,"featured_media":0,"parent":0,"menu_order":0,"comment_status":"closed","ping_status":"closed","template":"","meta":{"_et_pb_use_builder":"on","_et_pb_old_content":"","_et_gb_content_width":"","_joinchat":[],"footnotes":""},"class_list":["post-694","page","type-page","status-publish","hentry"],"_links":{"self":[{"href":"http:\/\/www.escuelalasflores.cl\/home\/index.php?rest_route=\/wp\/v2\/pages\/694","targetHints":{"allow":["GET"]}}],"collection":[{"href":"http:\/\/www.escuelalasflores.cl\/home\/index.php?rest_route=\/wp\/v2\/pages"}],"about":[{"href":"http:\/\/www.escuelalasflores.cl\/home\/index.php?rest_route=\/wp\/v2\/types\/page"}],"author":[{"embeddable":true,"href":"http:\/\/www.escuelalasflores.cl\/home\/index.php?rest_route=\/wp\/v2\/users\/1"}],"replies":[{"embeddable":true,"href":"http:\/\/www.escuelalasflores.cl\/home\/index.php?rest_route=%2Fwp%2Fv2%2Fcomments&post=694"}],"version-history":[{"count":74,"href":"http:\/\/www.escuelalasflores.cl\/home\/index.php?rest_route=\/wp\/v2\/pages\/694\/revisions"}],"predecessor-version":[{"id":1785,"href":"http:\/\/www.escuelalasflores.cl\/home\/index.php?rest_route=\/wp\/v2\/pages\/694\/revisions\/1785"}],"wp:attachment":[{"href":"http:\/\/www.escuelalasflores.cl\/home\/index.php?rest_route=%2Fwp%2Fv2%2Fmedia&parent=694"}],"curies":[{"name":"wp","href":"https:\/\/api.w.org\/{rel}","templated":true}]}}